{"id":1943,"date":"2019-02-28T12:20:15","date_gmt":"2019-02-28T12:20:15","guid":{"rendered":"https:\/\/www.mosaique-lillefives.fr\/V2\/?page_id=1943"},"modified":"2025-04-08T07:00:54","modified_gmt":"2025-04-08T07:00:54","slug":"accueil-de-loisirs-6-10-ans","status":"publish","type":"page","link":"https:\/\/www.mosaique-lillefives.fr\/V2\/accueil-de-loisirs-6-10-ans\/","title":{"rendered":"Accueil de loisirs 6-10 ans"},"content":{"rendered":"\t\t<div data-elementor-type=\"wp-page\" data-elementor-id=\"1943\" class=\"elementor elementor-1943\">\n\t\t\t\t<div class=\"elementor-element elementor-element-73db174 e-flex e-con-boxed e-con e-parent\" data-id=\"73db174\" data-element_type=\"container\" data-e-type=\"container\">\n\t\t\t\t\t<div class=\"e-con-inner\">\n\t\t<div class=\"elementor-element elementor-element-c91cc6f e-con-full e-flex e-con e-child\" data-id=\"c91cc6f\" data-element_type=\"container\" data-e-type=\"container\">\n\t\t<div class=\"elementor-element elementor-element-e7f18f1 e-con-full e-flex e-con e-child\" data-id=\"e7f18f1\" data-element_type=\"container\" data-e-type=\"container\">\n\t\t\t\t<div class=\"elementor-element elementor-element-69d5fb8 elementor-widget elementor-widget-heading\" data-id=\"69d5fb8\" data-element_type=\"widget\" data-e-type=\"widget\" data-widget_type=\"heading.default\">\n\t\t\t\t<div class=\"elementor-widget-container\">\n\t\t\t\t\t<h3 class=\"elementor-heading-title elementor-size-default\">Les accueils de loisirs 6-10 ans<\/h3>\t\t\t\t<\/div>\n\t\t\t\t<\/div>\n\t\t\t\t<div class=\"elementor-element elementor-element-77762fa elementor-widget elementor-widget-heading\" data-id=\"77762fa\" data-element_type=\"widget\" data-e-type=\"widget\" data-widget_type=\"heading.default\">\n\t\t\t\t<div class=\"elementor-widget-container\">\n\t\t\t\t\t<h2 class=\"elementor-heading-title elementor-size-default\">Les loustiks &amp; les fut\u00e9s<\/h2>\t\t\t\t<\/div>\n\t\t\t\t<\/div>\n\t\t\t\t<div class=\"elementor-element elementor-element-7f7fc8c elementor-widget elementor-widget-text-editor\" data-id=\"7f7fc8c\" data-element_type=\"widget\" data-e-type=\"widget\" data-widget_type=\"text-editor.default\">\n\t\t\t\t<div class=\"elementor-widget-container\">\n\t\t\t\t\t\t\t\t\t<p>Mosa\u00efque offre un accueil de qualit\u00e9 avec des professionnels qualifi\u00e9s. Il a pour vocation de contribuer \u00e0 l\u2019\u00e9panouissement de l\u2019enfant, de l\u2019aider \u00e0 comprendre le monde qui l\u2019entoure et de le pr\u00e9parer \u00e0 son avenir par des actions \u00e9ducatives compl\u00e9mentaires de celles des parents et de l\u2019\u00e9cole.<\/p>\t\t\t\t\t\t\t\t<\/div>\n\t\t\t\t<\/div>\n\t\t\t\t<\/div>\n\t\t<div class=\"elementor-element elementor-element-78a6845 e-grid e-con-full e-con e-child\" data-id=\"78a6845\" data-element_type=\"container\" data-e-type=\"container\">\n\t\t\t\t<div class=\"elementor-element elementor-element-7355840 elementor-widget elementor-widget-image\" data-id=\"7355840\" data-element_type=\"widget\" data-e-type=\"widget\" data-widget_type=\"image.default\">\n\t\t\t\t<div class=\"elementor-widget-container\">\n\t\t\t\t\t\t\t\t\t\t\t\t\t\t\t<img fetchpriority=\"high\" decoding=\"async\" width=\"500\" height=\"375\" src=\"https:\/\/www.mosaique-lillefives.fr\/V2\/wp-content\/uploads\/2019\/02\/activite-8-10ans.jpg\" class=\"attachment-large size-large wp-image-1878\" alt=\"activite-8-10ans\" srcset=\"https:\/\/www.mosaique-lillefives.fr\/V2\/wp-content\/uploads\/2019\/02\/activite-8-10ans.jpg 500w, https:\/\/www.mosaique-lillefives.fr\/V2\/wp-content\/uploads\/2019\/02\/activite-8-10ans-300x225.jpg 300w\" sizes=\"(max-width: 500px) 100vw, 500px\" \/>\t\t\t\t\t\t\t\t\t\t\t\t\t\t\t<\/div>\n\t\t\t\t<\/div>\n\t\t\t\t<div class=\"elementor-element elementor-element-380fb39 elementor-widget elementor-widget-text-editor\" data-id=\"380fb39\" data-element_type=\"widget\" data-e-type=\"widget\" data-widget_type=\"text-editor.default\">\n\t\t\t\t<div class=\"elementor-widget-container\">\n\t\t\t\t\t\t\t\t\t<div class=\"col-xs-12 col-md-9 center background-center background-repeat\"><strong>De nombreuses actions propos\u00e9es autour de th\u00e8mes vari\u00e9s : citoyennet\u00e9, vivre ensemble, sport\/sant\u00e9\/bien-\u00eatre, expression\/spectacle\u2026<\/strong><\/div><div class=\"col-xs-12 col-md-9 center background-center background-repeat\"><strong>\u00a0<\/strong><\/div><div class=\"col-xs-12 col-md-6 center background-center background-repeat\"><p>Des <strong>projets<\/strong>, des <strong>sorties<\/strong> men\u00e9s tout au long de l\u2019ann\u00e9e, en collaboration avec divers partenaires et <strong>l\u2019implication des parents<\/strong>.<\/p><p>Une <strong>\u00e9quipe d\u2019animation sympathique<\/strong> et <strong>attentive<\/strong> accueille vos enfants \u00e0 la journ\u00e9e ou \u00e0 la demi-journ\u00e9e, <strong>chaque mercredi<\/strong> (en p\u00e9riode scolaire) et <strong>du lundi au vendredi<\/strong> lors des vacances scolaires.<\/p><\/div>\t\t\t\t\t\t\t\t<\/div>\n\t\t\t\t<\/div>\n\t\t\t\t<\/div>\n\t\t\t\t<\/div>\n\t\t\t\t\t<\/div>\n\t\t\t\t<\/div>\n\t\t<div class=\"elementor-element elementor-element-aada120 e-flex e-con-boxed e-con e-child\" data-id=\"aada120\" data-element_type=\"container\" data-e-type=\"container\">\n\t\t\t\t\t<div class=\"e-con-inner\">\n\t\t\t\t<div class=\"elementor-element elementor-element-3889cda elementor-widget elementor-widget-heading\" data-id=\"3889cda\" data-element_type=\"widget\" data-e-type=\"widget\" data-widget_type=\"heading.default\">\n\t\t\t\t<div class=\"elementor-widget-container\">\n\t\t\t\t\t<h3 class=\"elementor-heading-title elementor-size-default\">Les accueils de loisirs 6-10 ans<\/h3>\t\t\t\t<\/div>\n\t\t\t\t<\/div>\n\t\t\t\t<div class=\"elementor-element elementor-element-46c0dfa elementor-widget elementor-widget-heading\" data-id=\"46c0dfa\" data-element_type=\"widget\" data-e-type=\"widget\" data-widget_type=\"heading.default\">\n\t\t\t\t<div class=\"elementor-widget-container\">\n\t\t\t\t\t<h2 class=\"elementor-heading-title elementor-size-default\">Les s\u00e9jours<\/h2>\t\t\t\t<\/div>\n\t\t\t\t<\/div>\n\t\t\t\t<div class=\"elementor-element elementor-element-9676efd elementor-widget elementor-widget-text-editor\" data-id=\"9676efd\" data-element_type=\"widget\" data-e-type=\"widget\" data-widget_type=\"text-editor.default\">\n\t\t\t\t<div class=\"elementor-widget-container\">\n\t\t\t\t\t\t\t\t\t<p class=\"item-title h3 text-uppercase \"><span style=\"font-size: 16px;\">Un <\/span><strong style=\"font-size: 16px;\">s\u00e9jour de vacances<\/strong><span style=\"font-size: 16px;\">, pr\u00e9par\u00e9 en amont avec les enfants et leurs parents, est mis en place durant l\u2019\u00e9t\u00e9 sur une <\/span><strong style=\"font-size: 16px;\">p\u00e9riode de 10 \u00e0 15 jours<\/strong><span style=\"font-size: 16px;\">.<\/span><\/p>\t\t\t\t\t\t\t\t<\/div>\n\t\t\t\t<\/div>\n\t\t\t\t\t<\/div>\n\t\t\t\t<\/div>\n\t\t<div class=\"elementor-element elementor-element-003d254 e-flex e-con-boxed e-con e-child\" data-id=\"003d254\" data-element_type=\"container\" data-e-type=\"container\">\n\t\t\t\t\t<div class=\"e-con-inner\">\n\t\t\t\t<div class=\"elementor-element elementor-element-75dd02c elementor-widget elementor-widget-heading\" data-id=\"75dd02c\" data-element_type=\"widget\" data-e-type=\"widget\" data-widget_type=\"heading.default\">\n\t\t\t\t<div class=\"elementor-widget-container\">\n\t\t\t\t\t<h2 class=\"elementor-heading-title elementor-size-default\">Tarifs<\/h2>\t\t\t\t<\/div>\n\t\t\t\t<\/div>\n\t\t\t\t<div class=\"elementor-element elementor-element-3303b2a elementor-widget elementor-widget-text-editor\" data-id=\"3303b2a\" data-element_type=\"widget\" data-e-type=\"widget\" data-widget_type=\"text-editor.default\">\n\t\t\t\t<div class=\"elementor-widget-container\">\n\t\t\t\t\t\t\t\t\t<p>\u00c0 la demie journ\u00e9e, tarifs en cours au 11\/03\/2024.<\/p><p>*Le co\u00fbt du repas est en surplus et doit \u00eatre pay\u00e9 en mairie.<\/p><div class=\"col-xs-12 center background-center background-repeat\"><div class=\"table-responsive\"><table class=\"shortcode-table table\"><thead><tr class=\"heading-row\"><th class=\"default-col\"><strong>Quotient familial CAF<\/strong><\/th><th class=\"default-col\"><strong>Demie journ\u00e9e<\/strong><\/th><th class=\"default-col\"><strong>Demie journ\u00e9e avec temps d&rsquo;animation repas*<\/strong><\/th><th class=\"default-col\"><strong>Journ\u00e9e avec temps d&rsquo;animation repas inclus<\/strong><\/th><\/tr><\/thead><tbody><tr class=\"default-row\"><td class=\"default-col\">Entre 0 et 369 \u20ac<\/td><td class=\"default-col\">0.70 \u20ac<\/td><td class=\"default-col\">0.80 \u20ac<\/td><td class=\"default-col\">1.40 \u20ac<\/td><\/tr><tr class=\"default-row\"><td class=\"default-col\">Entre 370 et 499 \u20ac<\/td><td class=\"default-col\">0,80 \u20ac<\/td><td class=\"default-col\">0.95 \u20ac<\/td><td class=\"default-col\">1.60 \u20ac<\/td><\/tr><tr class=\"default-row\"><td class=\"default-col\">Entre 500 et 700 \u20ac<\/td><td class=\"default-col\">1 \u20ac<\/td><td class=\"default-col\">1.20 \u20ac<\/td><td class=\"default-col\">2 \u20ac<\/td><\/tr><tr class=\"default-row\"><td class=\"default-col\">Entre 701 et 800 \u20ac<\/td><td class=\"default-col\">1,50 \u20ac<\/td><td class=\"default-col\">1.70 \u20ac<\/td><td class=\"default-col\">3 \u20ac<\/td><\/tr><tr class=\"default-row\"><td class=\"default-col\">Entre 801 et 950 \u20ac<\/td><td class=\"default-col\">1,90 \u20ac<\/td><td class=\"default-col\">2.10 \u20ac<\/td><td class=\"default-col\">3.80 \u20ac<\/td><\/tr><tr class=\"default-row\"><td class=\"default-col\">Entre 951 et 1499 \u20ac<\/td><td class=\"default-col\">3 \u20ac<\/td><td class=\"default-col\">3.20 \u20ac<\/td><td class=\"default-col\">6 \u20ac<\/td><\/tr><tr class=\"default-row\"><td class=\"default-col\">A partir de 1500 \u20ac<\/td><td class=\"default-col\">3,40 \u20ac<\/td><td class=\"default-col\">3.60 \u20ac<\/td><td class=\"default-col\">6.80 \u20ac<\/td><\/tr><\/tbody><\/table><\/div><p>La CAF soutient les familles \u00e0 faibles revenus gr\u00e2ce au dispositif LEA.<br \/>Adh\u00e9sion familiale annuelle de 10 \u20ac. <strong>Pour plus de renseignements, merci de consulter la rubrique <a href=\"https:\/\/www.mosaique-lillefives.fr\/V2\/infos-pratiques-2\/\">\u00ab\u00a0Infos pratiques\u00a0\u00bb<\/a><\/strong><\/p><\/div>\t\t\t\t\t\t\t\t<\/div>\n\t\t\t\t<\/div>\n\t\t\t\t\t<\/div>\n\t\t\t\t<\/div>\n\t\t<div class=\"elementor-element elementor-element-7217411 e-flex e-con-boxed e-con e-child\" data-id=\"7217411\" data-element_type=\"container\" data-e-type=\"container\">\n\t\t\t\t\t<div class=\"e-con-inner\">\n\t\t\t\t<div class=\"elementor-element elementor-element-adee3c6 elementor-widget elementor-widget-heading\" data-id=\"adee3c6\" data-element_type=\"widget\" data-e-type=\"widget\" data-widget_type=\"heading.default\">\n\t\t\t\t<div class=\"elementor-widget-container\">\n\t\t\t\t\t<h2 class=\"elementor-heading-title elementor-size-default\">Horaires<\/h2>\t\t\t\t<\/div>\n\t\t\t\t<\/div>\n\t\t\t\t<div class=\"elementor-element elementor-element-e68e627 elementor-widget elementor-widget-text-editor\" data-id=\"e68e627\" data-element_type=\"widget\" data-e-type=\"widget\" data-widget_type=\"text-editor.default\">\n\t\t\t\t<div class=\"elementor-widget-container\">\n\t\t\t\t\t\t\t\t\t<p>P\u00e9riode scolaire : Mercredi, de 8h30 \u00e0 12h00* et de 13h30 \u00e0 17h00.<\/p><p>Vacances scolaires : du lundi au vendredi de 8h30 \u00e0 12h00* et de 13h30 \u00e0 17h00.<\/p><p>Vacances scolaires : du lundi au vendredi de 8h30 \u00e0 12h00* et de 13h30 \u00e0 17h00.<\/p><p>Accueil relais les mercredis + du lundi au vendredi lors des vacances scolaires de 17h00 \u00e0 18h00 sous conditions (pour 1,5\u20ac suppl\u00e9mentaire).<br \/>*repas possible le midi.<\/p>\t\t\t\t\t\t\t\t<\/div>\n\t\t\t\t<\/div>\n\t\t\t\t\t<\/div>\n\t\t\t\t<\/div>\n\t\t<div class=\"elementor-element elementor-element-6170782 e-flex e-con-boxed e-con e-child\" data-id=\"6170782\" data-element_type=\"container\" data-e-type=\"container\">\n\t\t\t\t\t<div class=\"e-con-inner\">\n\t\t\t\t<div class=\"elementor-element elementor-element-51e9414 elementor-widget elementor-widget-heading\" data-id=\"51e9414\" data-element_type=\"widget\" data-e-type=\"widget\" data-widget_type=\"heading.default\">\n\t\t\t\t<div class=\"elementor-widget-container\">\n\t\t\t\t\t<h2 class=\"elementor-heading-title elementor-size-default\">Infos repas<\/h2>\t\t\t\t<\/div>\n\t\t\t\t<\/div>\n\t\t\t\t<div class=\"elementor-element elementor-element-0703646 elementor-widget elementor-widget-text-editor\" data-id=\"0703646\" data-element_type=\"widget\" data-e-type=\"widget\" data-widget_type=\"text-editor.default\">\n\t\t\t\t<div class=\"elementor-widget-container\">\n\t\t\t\t\t\t\t\t\t<p>Le repas est assur\u00e9 le midi en restaurant scolaire (Cellule Pass&rsquo;Enfant &#8211; gestion municipale)<\/p>\t\t\t\t\t\t\t\t<\/div>\n\t\t\t\t<\/div>\n\t\t\t\t\t<\/div>\n\t\t\t\t<\/div>\n\t\t<div class=\"elementor-element elementor-element-160bf3c e-flex e-con-boxed e-con e-child\" data-id=\"160bf3c\" data-element_type=\"container\" data-e-type=\"container\">\n\t\t\t\t\t<div class=\"e-con-inner\">\n\t\t\t\t<div class=\"elementor-element elementor-element-b260a0a elementor-widget elementor-widget-heading\" data-id=\"b260a0a\" data-element_type=\"widget\" data-e-type=\"widget\" data-widget_type=\"heading.default\">\n\t\t\t\t<div class=\"elementor-widget-container\">\n\t\t\t\t\t<h2 class=\"elementor-heading-title elementor-size-default\">Planning des inscriptions<\/h2>\t\t\t\t<\/div>\n\t\t\t\t<\/div>\n\t\t\t\t<div class=\"elementor-element elementor-element-6ea8ee2 elementor-widget elementor-widget-text-editor\" data-id=\"6ea8ee2\" data-element_type=\"widget\" data-e-type=\"widget\" data-widget_type=\"text-editor.default\">\n\t\t\t\t<div class=\"elementor-widget-container\">\n\t\t\t\t\t\t\t\t\t<p>Retrouvez ci-dessus le planning des inscriptions pour 2024\/2025 !<\/p><p><img decoding=\"async\" src=\"https:\/\/www.mosaique-lillefives.fr\/V2\/wp-content\/uploads\/2024\/04\/Calendrier-des-Inscriptions-2024-2025-620x876.png\" alt=\"https:\/\/www.mosaique-lillefives.fr\/V2\/wp-content\/uploads\/2024\/04\/Calendrier-des-Inscriptions-2024-2025-620x876.png\" width=\"620\" height=\"876\" \/><\/p>\t\t\t\t\t\t\t\t<\/div>\n\t\t\t\t<\/div>\n\t\t\t\t\t<\/div>\n\t\t\t\t<\/div>\n\t\t\t\t<\/div>\n\t\t","protected":false},"excerpt":{"rendered":"<p>Les accueils de loisirs 6-10 ans Les loustiks &amp; les fut\u00e9s Mosa\u00efque offre un accueil de qualit\u00e9 avec des professionnels qualifi\u00e9s. Il a pour vocation de contribuer \u00e0 l\u2019\u00e9panouissement de l\u2019enfant, de l\u2019aider \u00e0 comprendre le monde qui l\u2019entoure et de le pr\u00e9parer \u00e0 son avenir par des actions \u00e9ducatives compl\u00e9mentaires de celles des parents [&hellip;]<\/p>\n","protected":false},"author":2,"featured_media":0,"parent":0,"menu_order":0,"comment_status":"closed","ping_status":"closed","template":"","meta":{"ocean_post_layout":"","ocean_both_sidebars_style":"","ocean_both_sidebars_content_width":0,"ocean_both_sidebars_sidebars_width":0,"ocean_sidebar":"","ocean_second_sidebar":"","ocean_disable_margins":"enable","ocean_add_body_class":"","ocean_shortcode_before_top_bar":"","ocean_shortcode_after_top_bar":"","ocean_shortcode_before_header":"","ocean_shortcode_after_header":"","ocean_has_shortcode":"","ocean_shortcode_after_title":"","ocean_shortcode_before_footer_widgets":"","ocean_shortcode_after_footer_widgets":"","ocean_shortcode_before_footer_bottom":"","ocean_shortcode_after_footer_bottom":"","ocean_display_top_bar":"default","ocean_display_header":"default","ocean_header_style":"","ocean_center_header_left_menu":"","ocean_custom_header_template":"","ocean_custom_logo":0,"ocean_custom_retina_logo":0,"ocean_custom_logo_max_width":0,"ocean_custom_logo_tablet_max_width":0,"ocean_custom_logo_mobile_max_width":0,"ocean_custom_logo_max_height":0,"ocean_custom_logo_tablet_max_height":0,"ocean_custom_logo_mobile_max_height":0,"ocean_header_custom_menu":"","ocean_menu_typo_font_family":"","ocean_menu_typo_font_subset":"","ocean_menu_typo_font_size":0,"ocean_menu_typo_font_size_tablet":0,"ocean_menu_typo_font_size_mobile":0,"ocean_menu_typo_font_size_unit":"px","ocean_menu_typo_font_weight":"","ocean_menu_typo_font_weight_tablet":"","ocean_menu_typo_font_weight_mobile":"","ocean_menu_typo_transform":"","ocean_menu_typo_transform_tablet":"","ocean_menu_typo_transform_mobile":"","ocean_menu_typo_line_height":0,"ocean_menu_typo_line_height_tablet":0,"ocean_menu_typo_line_height_mobile":0,"ocean_menu_typo_line_height_unit":"","ocean_menu_typo_spacing":0,"ocean_menu_typo_spacing_tablet":0,"ocean_menu_typo_spacing_mobile":0,"ocean_menu_typo_spacing_unit":"","ocean_menu_link_color":"","ocean_menu_link_color_hover":"","ocean_menu_link_color_active":"","ocean_menu_link_background":"","ocean_menu_link_hover_background":"","ocean_menu_link_active_background":"","ocean_menu_social_links_bg":"","ocean_menu_social_hover_links_bg":"","ocean_menu_social_links_color":"","ocean_menu_social_hover_links_color":"","ocean_disable_title":"default","ocean_disable_heading":"default","ocean_post_title":"","ocean_post_subheading":"","ocean_post_title_style":"","ocean_post_title_background_color":"","ocean_post_title_background":0,"ocean_post_title_bg_image_position":"","ocean_post_title_bg_image_attachment":"","ocean_post_title_bg_image_repeat":"","ocean_post_title_bg_image_size":"","ocean_post_title_height":0,"ocean_post_title_bg_overlay":0.5,"ocean_post_title_bg_overlay_color":"","ocean_disable_breadcrumbs":"default","ocean_breadcrumbs_color":"","ocean_breadcrumbs_separator_color":"","ocean_breadcrumbs_links_color":"","ocean_breadcrumbs_links_hover_color":"","ocean_display_footer_widgets":"default","ocean_display_footer_bottom":"default","ocean_custom_footer_template":"","_vp_format_video_url":"","_vp_image_focal_point":[],"footnotes":""},"class_list":["post-1943","page","type-page","status-publish","hentry","entry"],"yoast_head":"<!-- This site is optimized with the Yoast SEO plugin v27.9 - https:\/\/yoast.com\/product\/yoast-seo-wordpress\/ -->\n<title>Accueil de loisirs 6-10 ans - Centre Social Mosa\u00efque - Lille Fives<\/title>\n<meta name=\"robots\" content=\"index, follow, max-snippet:-1, max-image-preview:large, max-video-preview:-1\" \/>\n<link rel=\"canonical\" href=\"https:\/\/www.mosaique-lillefives.fr\/V2\/accueil-de-loisirs-6-10-ans\/\" \/>\n<meta property=\"og:locale\" content=\"fr_FR\" \/>\n<meta property=\"og:type\" content=\"article\" \/>\n<meta property=\"og:title\" content=\"Accueil de loisirs 6-10 ans - Centre Social Mosa\u00efque - Lille Fives\" \/>\n<meta property=\"og:description\" content=\"Les accueils de loisirs 6-10 ans Les loustiks &amp; les fut\u00e9s Mosa\u00efque offre un accueil de qualit\u00e9 avec des professionnels qualifi\u00e9s. Il a pour vocation de contribuer \u00e0 l\u2019\u00e9panouissement de l\u2019enfant, de l\u2019aider \u00e0 comprendre le monde qui l\u2019entoure et de le pr\u00e9parer \u00e0 son avenir par des actions \u00e9ducatives compl\u00e9mentaires de celles des parents [&hellip;]\" \/>\n<meta property=\"og:url\" content=\"https:\/\/www.mosaique-lillefives.fr\/V2\/accueil-de-loisirs-6-10-ans\/\" \/>\n<meta property=\"og:site_name\" content=\"Centre Social Mosa\u00efque - Lille Fives\" \/>\n<meta property=\"article:modified_time\" content=\"2025-04-08T07:00:54+00:00\" \/>\n<meta property=\"og:image\" content=\"https:\/\/www.mosaique-lillefives.fr\/V2\/wp-content\/uploads\/2019\/02\/activite-8-10ans.jpg\" \/>\n\t<meta property=\"og:image:width\" content=\"500\" \/>\n\t<meta property=\"og:image:height\" content=\"375\" \/>\n\t<meta property=\"og:image:type\" content=\"image\/jpeg\" \/>\n<meta name=\"twitter:card\" content=\"summary_large_image\" \/>\n<meta name=\"twitter:label1\" content=\"Dur\u00e9e de lecture estim\u00e9e\" \/>\n\t<meta name=\"twitter:data1\" content=\"3 minutes\" \/>\n<script type=\"application\/ld+json\" class=\"yoast-schema-graph\">{\"@context\":\"https:\\\/\\\/schema.org\",\"@graph\":[{\"@type\":\"WebPage\",\"@id\":\"https:\\\/\\\/www.mosaique-lillefives.fr\\\/V2\\\/accueil-de-loisirs-6-10-ans\\\/\",\"url\":\"https:\\\/\\\/www.mosaique-lillefives.fr\\\/V2\\\/accueil-de-loisirs-6-10-ans\\\/\",\"name\":\"Accueil de loisirs 6-10 ans - Centre Social Mosa\u00efque - Lille Fives\",\"isPartOf\":{\"@id\":\"https:\\\/\\\/www.mosaique-lillefives.fr\\\/V2\\\/#website\"},\"primaryImageOfPage\":{\"@id\":\"https:\\\/\\\/www.mosaique-lillefives.fr\\\/V2\\\/accueil-de-loisirs-6-10-ans\\\/#primaryimage\"},\"image\":{\"@id\":\"https:\\\/\\\/www.mosaique-lillefives.fr\\\/V2\\\/accueil-de-loisirs-6-10-ans\\\/#primaryimage\"},\"thumbnailUrl\":\"https:\\\/\\\/www.mosaique-lillefives.fr\\\/V2\\\/wp-content\\\/uploads\\\/2019\\\/02\\\/activite-8-10ans.jpg\",\"datePublished\":\"2019-02-28T12:20:15+00:00\",\"dateModified\":\"2025-04-08T07:00:54+00:00\",\"breadcrumb\":{\"@id\":\"https:\\\/\\\/www.mosaique-lillefives.fr\\\/V2\\\/accueil-de-loisirs-6-10-ans\\\/#breadcrumb\"},\"inLanguage\":\"fr-FR\",\"potentialAction\":[{\"@type\":\"ReadAction\",\"target\":[\"https:\\\/\\\/www.mosaique-lillefives.fr\\\/V2\\\/accueil-de-loisirs-6-10-ans\\\/\"]}]},{\"@type\":\"ImageObject\",\"inLanguage\":\"fr-FR\",\"@id\":\"https:\\\/\\\/www.mosaique-lillefives.fr\\\/V2\\\/accueil-de-loisirs-6-10-ans\\\/#primaryimage\",\"url\":\"https:\\\/\\\/www.mosaique-lillefives.fr\\\/V2\\\/wp-content\\\/uploads\\\/2019\\\/02\\\/activite-8-10ans.jpg\",\"contentUrl\":\"https:\\\/\\\/www.mosaique-lillefives.fr\\\/V2\\\/wp-content\\\/uploads\\\/2019\\\/02\\\/activite-8-10ans.jpg\",\"width\":500,\"height\":375,\"caption\":\"activite-8-10ans\"},{\"@type\":\"BreadcrumbList\",\"@id\":\"https:\\\/\\\/www.mosaique-lillefives.fr\\\/V2\\\/accueil-de-loisirs-6-10-ans\\\/#breadcrumb\",\"itemListElement\":[{\"@type\":\"ListItem\",\"position\":1,\"name\":\"Accueil\",\"item\":\"https:\\\/\\\/www.mosaique-lillefives.fr\\\/V2\\\/\"},{\"@type\":\"ListItem\",\"position\":2,\"name\":\"Accueil de loisirs 6-10 ans\"}]},{\"@type\":\"WebSite\",\"@id\":\"https:\\\/\\\/www.mosaique-lillefives.fr\\\/V2\\\/#website\",\"url\":\"https:\\\/\\\/www.mosaique-lillefives.fr\\\/V2\\\/\",\"name\":\"Centre Social Mosa\u00efque - Lille Fives\",\"description\":\"Convivialit\u00e9 et solidarit\u00e9 au service des habitants\",\"publisher\":{\"@id\":\"https:\\\/\\\/www.mosaique-lillefives.fr\\\/V2\\\/#organization\"},\"potentialAction\":[{\"@type\":\"SearchAction\",\"target\":{\"@type\":\"EntryPoint\",\"urlTemplate\":\"https:\\\/\\\/www.mosaique-lillefives.fr\\\/V2\\\/?s={search_term_string}\"},\"query-input\":{\"@type\":\"PropertyValueSpecification\",\"valueRequired\":true,\"valueName\":\"search_term_string\"}}],\"inLanguage\":\"fr-FR\"},{\"@type\":\"Organization\",\"@id\":\"https:\\\/\\\/www.mosaique-lillefives.fr\\\/V2\\\/#organization\",\"name\":\"Centre Social Mosa\u00efque - Lille Fives\",\"url\":\"https:\\\/\\\/www.mosaique-lillefives.fr\\\/V2\\\/\",\"logo\":{\"@type\":\"ImageObject\",\"inLanguage\":\"fr-FR\",\"@id\":\"https:\\\/\\\/www.mosaique-lillefives.fr\\\/V2\\\/#\\\/schema\\\/logo\\\/image\\\/\",\"url\":\"https:\\\/\\\/www.mosaique-lillefives.fr\\\/V2\\\/wp-content\\\/uploads\\\/2019\\\/02\\\/cropped-01logo-mosaique.png\",\"contentUrl\":\"https:\\\/\\\/www.mosaique-lillefives.fr\\\/V2\\\/wp-content\\\/uploads\\\/2019\\\/02\\\/cropped-01logo-mosaique.png\",\"width\":1402,\"height\":1024,\"caption\":\"Centre Social Mosa\u00efque - Lille Fives\"},\"image\":{\"@id\":\"https:\\\/\\\/www.mosaique-lillefives.fr\\\/V2\\\/#\\\/schema\\\/logo\\\/image\\\/\"}}]}<\/script>\n<!-- \/ Yoast SEO plugin. -->","yoast_head_json":{"title":"Accueil de loisirs 6-10 ans - Centre Social Mosa\u00efque - Lille Fives","robots":{"index":"index","follow":"follow","max-snippet":"max-snippet:-1","max-image-preview":"max-image-preview:large","max-video-preview":"max-video-preview:-1"},"canonical":"https:\/\/www.mosaique-lillefives.fr\/V2\/accueil-de-loisirs-6-10-ans\/","og_locale":"fr_FR","og_type":"article","og_title":"Accueil de loisirs 6-10 ans - Centre Social Mosa\u00efque - Lille Fives","og_description":"Les accueils de loisirs 6-10 ans Les loustiks &amp; les fut\u00e9s Mosa\u00efque offre un accueil de qualit\u00e9 avec des professionnels qualifi\u00e9s. Il a pour vocation de contribuer \u00e0 l\u2019\u00e9panouissement de l\u2019enfant, de l\u2019aider \u00e0 comprendre le monde qui l\u2019entoure et de le pr\u00e9parer \u00e0 son avenir par des actions \u00e9ducatives compl\u00e9mentaires de celles des parents [&hellip;]","og_url":"https:\/\/www.mosaique-lillefives.fr\/V2\/accueil-de-loisirs-6-10-ans\/","og_site_name":"Centre Social Mosa\u00efque - Lille Fives","article_modified_time":"2025-04-08T07:00:54+00:00","og_image":[{"width":500,"height":375,"url":"https:\/\/www.mosaique-lillefives.fr\/V2\/wp-content\/uploads\/2019\/02\/activite-8-10ans.jpg","type":"image\/jpeg"}],"twitter_card":"summary_large_image","twitter_misc":{"Dur\u00e9e de lecture estim\u00e9e":"3 minutes"},"schema":{"@context":"https:\/\/schema.org","@graph":[{"@type":"WebPage","@id":"https:\/\/www.mosaique-lillefives.fr\/V2\/accueil-de-loisirs-6-10-ans\/","url":"https:\/\/www.mosaique-lillefives.fr\/V2\/accueil-de-loisirs-6-10-ans\/","name":"Accueil de loisirs 6-10 ans - Centre Social Mosa\u00efque - Lille Fives","isPartOf":{"@id":"https:\/\/www.mosaique-lillefives.fr\/V2\/#website"},"primaryImageOfPage":{"@id":"https:\/\/www.mosaique-lillefives.fr\/V2\/accueil-de-loisirs-6-10-ans\/#primaryimage"},"image":{"@id":"https:\/\/www.mosaique-lillefives.fr\/V2\/accueil-de-loisirs-6-10-ans\/#primaryimage"},"thumbnailUrl":"https:\/\/www.mosaique-lillefives.fr\/V2\/wp-content\/uploads\/2019\/02\/activite-8-10ans.jpg","datePublished":"2019-02-28T12:20:15+00:00","dateModified":"2025-04-08T07:00:54+00:00","breadcrumb":{"@id":"https:\/\/www.mosaique-lillefives.fr\/V2\/accueil-de-loisirs-6-10-ans\/#breadcrumb"},"inLanguage":"fr-FR","potentialAction":[{"@type":"ReadAction","target":["https:\/\/www.mosaique-lillefives.fr\/V2\/accueil-de-loisirs-6-10-ans\/"]}]},{"@type":"ImageObject","inLanguage":"fr-FR","@id":"https:\/\/www.mosaique-lillefives.fr\/V2\/accueil-de-loisirs-6-10-ans\/#primaryimage","url":"https:\/\/www.mosaique-lillefives.fr\/V2\/wp-content\/uploads\/2019\/02\/activite-8-10ans.jpg","contentUrl":"https:\/\/www.mosaique-lillefives.fr\/V2\/wp-content\/uploads\/2019\/02\/activite-8-10ans.jpg","width":500,"height":375,"caption":"activite-8-10ans"},{"@type":"BreadcrumbList","@id":"https:\/\/www.mosaique-lillefives.fr\/V2\/accueil-de-loisirs-6-10-ans\/#breadcrumb","itemListElement":[{"@type":"ListItem","position":1,"name":"Accueil","item":"https:\/\/www.mosaique-lillefives.fr\/V2\/"},{"@type":"ListItem","position":2,"name":"Accueil de loisirs 6-10 ans"}]},{"@type":"WebSite","@id":"https:\/\/www.mosaique-lillefives.fr\/V2\/#website","url":"https:\/\/www.mosaique-lillefives.fr\/V2\/","name":"Centre Social Mosa\u00efque - Lille Fives","description":"Convivialit\u00e9 et solidarit\u00e9 au service des habitants","publisher":{"@id":"https:\/\/www.mosaique-lillefives.fr\/V2\/#organization"},"potentialAction":[{"@type":"SearchAction","target":{"@type":"EntryPoint","urlTemplate":"https:\/\/www.mosaique-lillefives.fr\/V2\/?s={search_term_string}"},"query-input":{"@type":"PropertyValueSpecification","valueRequired":true,"valueName":"search_term_string"}}],"inLanguage":"fr-FR"},{"@type":"Organization","@id":"https:\/\/www.mosaique-lillefives.fr\/V2\/#organization","name":"Centre Social Mosa\u00efque - Lille Fives","url":"https:\/\/www.mosaique-lillefives.fr\/V2\/","logo":{"@type":"ImageObject","inLanguage":"fr-FR","@id":"https:\/\/www.mosaique-lillefives.fr\/V2\/#\/schema\/logo\/image\/","url":"https:\/\/www.mosaique-lillefives.fr\/V2\/wp-content\/uploads\/2019\/02\/cropped-01logo-mosaique.png","contentUrl":"https:\/\/www.mosaique-lillefives.fr\/V2\/wp-content\/uploads\/2019\/02\/cropped-01logo-mosaique.png","width":1402,"height":1024,"caption":"Centre Social Mosa\u00efque - Lille Fives"},"image":{"@id":"https:\/\/www.mosaique-lillefives.fr\/V2\/#\/schema\/logo\/image\/"}}]}},"jetpack_sharing_enabled":true,"_links":{"self":[{"href":"https:\/\/www.mosaique-lillefives.fr\/V2\/wp-json\/wp\/v2\/pages\/1943","targetHints":{"allow":["GET"]}}],"collection":[{"href":"https:\/\/www.mosaique-lillefives.fr\/V2\/wp-json\/wp\/v2\/pages"}],"about":[{"href":"https:\/\/www.mosaique-lillefives.fr\/V2\/wp-json\/wp\/v2\/types\/page"}],"author":[{"embeddable":true,"href":"https:\/\/www.mosaique-lillefives.fr\/V2\/wp-json\/wp\/v2\/users\/2"}],"replies":[{"embeddable":true,"href":"https:\/\/www.mosaique-lillefives.fr\/V2\/wp-json\/wp\/v2\/comments?post=1943"}],"version-history":[{"count":53,"href":"https:\/\/www.mosaique-lillefives.fr\/V2\/wp-json\/wp\/v2\/pages\/1943\/revisions"}],"predecessor-version":[{"id":6293,"href":"https:\/\/www.mosaique-lillefives.fr\/V2\/wp-json\/wp\/v2\/pages\/1943\/revisions\/6293"}],"wp:attachment":[{"href":"https:\/\/www.mosaique-lillefives.fr\/V2\/wp-json\/wp\/v2\/media?parent=1943"}],"curies":[{"name":"wp","href":"https:\/\/api.w.org\/{rel}","templated":true}]}}